{"id":4389,"date":"2022-03-16T15:42:24","date_gmt":"2022-03-16T19:42:24","guid":{"rendered":"https:\/\/www.davidlehmann.org\/lehmann\/?page_id=4389"},"modified":"2022-05-17T21:23:27","modified_gmt":"2022-05-18T01:23:27","slug":"publications","status":"publish","type":"page","link":"https:\/\/www.davidlehmann.org\/lehmann\/publications\/","title":{"rendered":"Publications"},"content":{"rendered":"\n<p class=\"has-drop-cap\"><\/p>\n\n\n<div  id=\"sc_blogger_633841714\"\t\tclass=\"sc_blogger sc_blogger_divide\"><div class=\"sc_blogger_content sc_item_content sc_item_posts_container posts_container divide_wrap divide_2\"><div class=\"column-in\"><article id=\"post-4417\"\n        class=\"post_item post_format_standard post_layout_divide post_layout_divide_2 post-4417 post type-post status-publish format-standard has-post-thumbnail hentry category-publications category-published-papers\" data-animation=\"animated fadeInUp normal\"    >\n        <div class=\"post_featured with_thumb hover_simple\"><img loading=\"lazy\" decoding=\"async\" width=\"676\" height=\"424\" src=\"https:\/\/www.davidlehmann.org\/lehmann\/wp-content\/uploads\/2022\/03\/pexels-shelagh-murphy-2883380-676x424.jpeg\" class=\"attachment-gutentype-thumb-extra size-gutentype-thumb-extra wp-post-image\" alt=\"\" \/>\t\t\t\t\t\t<div class=\"mask\"><\/div>\n\t\t\t\t\t\t\t\t\t<a href=\"https:\/\/www.davidlehmann.org\/lehmann\/2022\/03\/17\/a-politica-do-reconhecimento-teoria-e-pratica-3\/\"  aria-hidden=\"true\" class=\"icons\"><\/a>\n\t\t\t<\/div>            <div class=\"post_header entry-header\">\n                <h4 class=\"post_title entry-title\"><a href=\"https:\/\/www.davidlehmann.org\/lehmann\/2022\/03\/17\/a-politica-do-reconhecimento-teoria-e-pratica-3\/\" rel=\"bookmark\">A Poli\u0301tica do Reconhecimento \u2013 Teor\u00eda e Pr\u00e1tica<\/a><\/h4>\t\t<div class=\"post_meta\">\n\t\t\t\t\t\t\t\t\t<span class=\"post_meta_item post_date\n\t\t\t\t\t\t\t\t\t\t\t\t\t\t\"\n\t\t\t\t\t\t\t\t\t\t\t\t\t>\n\t\t\t\t\t\t\t\t\t\t\t\t\t\t\t<a href=\"https:\/\/www.davidlehmann.org\/lehmann\/2022\/03\/17\/a-politica-do-reconhecimento-teoria-e-pratica-3\/\">\n\t\t\t\t\t\t\t\t17 March 2022\t\t\t\t\t\t\t\t<\/a>\n\t\t\t\t\t\t\t\t\t\t\t\t\t\t<\/span>\n\t\t\t\t\t\t\t\t<\/div><!-- .post_meta -->\n\t\t            <\/div><!-- .entry-header -->\n                <\/article><\/div><div class=\"column-in\"><article id=\"post-4810\"\n        class=\"post_item post_format_standard post_layout_divide post_layout_divide_2 post-4810 post type-post status-publish format-standard has-post-thumbnail hentry category-featured category-publications\" data-animation=\"animated fadeInUp normal\"    >\n        <div class=\"post_featured with_thumb hover_simple\"><img loading=\"lazy\" decoding=\"async\" width=\"676\" height=\"424\" src=\"https:\/\/www.davidlehmann.org\/lehmann\/wp-content\/uploads\/2022\/03\/Screen-Shot-2022-03-28-at-9.54.54-AM-676x424.png\" class=\"attachment-gutentype-thumb-extra size-gutentype-thumb-extra wp-post-image\" alt=\"\" \/>\t\t\t\t\t\t<div class=\"mask\"><\/div>\n\t\t\t\t\t\t\t\t\t<a href=\"https:\/\/www.davidlehmann.org\/lehmann\/2022\/03\/28\/academic-celebrity\/\"  aria-hidden=\"true\" class=\"icons\"><\/a>\n\t\t\t<\/div>            <div class=\"post_header entry-header\">\n                <h4 class=\"post_title entry-title\"><a href=\"https:\/\/www.davidlehmann.org\/lehmann\/2022\/03\/28\/academic-celebrity\/\" rel=\"bookmark\">Academic Celebrity<\/a><\/h4>\t\t<div class=\"post_meta\">\n\t\t\t\t\t\t\t\t\t<span class=\"post_meta_item post_date\n\t\t\t\t\t\t\t\t\t\t\t\t\t\t\"\n\t\t\t\t\t\t\t\t\t\t\t\t\t>\n\t\t\t\t\t\t\t\t\t\t\t\t\t\t\t<a href=\"https:\/\/www.davidlehmann.org\/lehmann\/2022\/03\/28\/academic-celebrity\/\">\n\t\t\t\t\t\t\t\t28 March 2022\t\t\t\t\t\t\t\t<\/a>\n\t\t\t\t\t\t\t\t\t\t\t\t\t\t<\/span>\n\t\t\t\t\t\t\t\t<\/div><!-- .post_meta -->\n\t\t            <\/div><!-- .entry-header -->\n                <\/article><\/div><div class=\"column-in\"><article id=\"post-4812\"\n        class=\"post_item post_format_standard post_layout_divide post_layout_divide_2 post-4812 post type-post status-publish format-standard has-post-thumbnail hentry category-news category-publications category-published-papers\" data-animation=\"animated fadeInUp normal\"    >\n        <div class=\"post_featured with_thumb hover_simple\"><img loading=\"lazy\" decoding=\"async\" width=\"676\" height=\"424\" src=\"https:\/\/www.davidlehmann.org\/lehmann\/wp-content\/uploads\/2022\/03\/Screen-Shot-2022-03-28-at-10.44.33-AM-676x424.png\" class=\"attachment-gutentype-thumb-extra size-gutentype-thumb-extra wp-post-image\" alt=\"\" \/>\t\t\t\t\t\t<div class=\"mask\"><\/div>\n\t\t\t\t\t\t\t\t\t<a href=\"https:\/\/www.davidlehmann.org\/lehmann\/2022\/03\/28\/o-remapeamento-das-tradicoes-religiosas-no-mundo-conteporaneo\/\"  aria-hidden=\"true\" class=\"icons\"><\/a>\n\t\t\t<\/div>            <div class=\"post_header entry-header\">\n                <h4 class=\"post_title entry-title\"><a href=\"https:\/\/www.davidlehmann.org\/lehmann\/2022\/03\/28\/o-remapeamento-das-tradicoes-religiosas-no-mundo-conteporaneo\/\" rel=\"bookmark\">O Remapeamento Das Tradi\u00e7\u00f5es Religiosas No Mundo Contepor\u00e2neo<\/a><\/h4>\t\t<div class=\"post_meta\">\n\t\t\t\t\t\t\t\t\t<span class=\"post_meta_item post_date\n\t\t\t\t\t\t\t\t\t\t\t\t\t\t\"\n\t\t\t\t\t\t\t\t\t\t\t\t\t>\n\t\t\t\t\t\t\t\t\t\t\t\t\t\t\t<a href=\"https:\/\/www.davidlehmann.org\/lehmann\/2022\/03\/28\/o-remapeamento-das-tradicoes-religiosas-no-mundo-conteporaneo\/\">\n\t\t\t\t\t\t\t\t28 March 2022\t\t\t\t\t\t\t\t<\/a>\n\t\t\t\t\t\t\t\t\t\t\t\t\t\t<\/span>\n\t\t\t\t\t\t\t\t<\/div><!-- .post_meta -->\n\t\t            <\/div><!-- .entry-header -->\n                <\/article><\/div><div class=\"column-in\"><article id=\"post-4814\"\n        class=\"post_item post_format_standard post_layout_divide post_layout_divide_2 post-4814 post type-post status-publish format-standard has-post-thumbnail hentry category-featured category-publications\" data-animation=\"animated fadeInUp normal\"    >\n        <div class=\"post_featured with_thumb hover_simple\"><img loading=\"lazy\" decoding=\"async\" width=\"676\" height=\"424\" src=\"https:\/\/www.davidlehmann.org\/lehmann\/wp-content\/uploads\/2022\/03\/Prism-of-Race-676x424.jpg\" class=\"attachment-gutentype-thumb-extra size-gutentype-thumb-extra wp-post-image\" alt=\"\" \/>\t\t\t\t\t\t<div class=\"mask\"><\/div>\n\t\t\t\t\t\t\t\t\t<a href=\"https:\/\/www.davidlehmann.org\/lehmann\/2022\/03\/28\/the-prism-of-race\/\"  aria-hidden=\"true\" class=\"icons\"><\/a>\n\t\t\t<\/div>            <div class=\"post_header entry-header\">\n                <h4 class=\"post_title entry-title\"><a href=\"https:\/\/www.davidlehmann.org\/lehmann\/2022\/03\/28\/the-prism-of-race\/\" rel=\"bookmark\">The Prism of Race<\/a><\/h4>\t\t<div class=\"post_meta\">\n\t\t\t\t\t\t\t\t\t<span class=\"post_meta_item post_date\n\t\t\t\t\t\t\t\t\t\t\t\t\t\t\"\n\t\t\t\t\t\t\t\t\t\t\t\t\t>\n\t\t\t\t\t\t\t\t\t\t\t\t\t\t\t<a href=\"https:\/\/www.davidlehmann.org\/lehmann\/2022\/03\/28\/the-prism-of-race\/\">\n\t\t\t\t\t\t\t\t28 March 2022\t\t\t\t\t\t\t\t<\/a>\n\t\t\t\t\t\t\t\t\t\t\t\t\t\t<\/span>\n\t\t\t\t\t\t\t\t<\/div><!-- .post_meta -->\n\t\t            <\/div><!-- .entry-header -->\n                <\/article><\/div><div class=\"column-in\"><article id=\"post-4819\"\n        class=\"post_item post_format_standard post_layout_divide post_layout_divide_2 post-4819 post type-post status-publish format-standard has-post-thumbnail hentry category-publications category-published-papers\" data-animation=\"animated fadeInUp normal\"    >\n        <div class=\"post_featured with_thumb hover_simple\"><img loading=\"lazy\" decoding=\"async\" width=\"676\" height=\"424\" src=\"https:\/\/www.davidlehmann.org\/lehmann\/wp-content\/uploads\/2022\/03\/Screen-Shot-2022-03-28-at-12.22.52-PM-676x424.png\" class=\"attachment-gutentype-thumb-extra size-gutentype-thumb-extra wp-post-image\" alt=\"\" \/>\t\t\t\t\t\t<div class=\"mask\"><\/div>\n\t\t\t\t\t\t\t\t\t<a href=\"https:\/\/www.davidlehmann.org\/lehmann\/2022\/03\/28\/cardoso-from-dependency-to-democracy\/\"  aria-hidden=\"true\" class=\"icons\"><\/a>\n\t\t\t<\/div>            <div class=\"post_header entry-header\">\n                <h4 class=\"post_title entry-title\"><a href=\"https:\/\/www.davidlehmann.org\/lehmann\/2022\/03\/28\/cardoso-from-dependency-to-democracy\/\" rel=\"bookmark\">Cardoso \u2013 From Dependency to Democracy<\/a><\/h4>\t\t<div class=\"post_meta\">\n\t\t\t\t\t\t\t\t\t<span class=\"post_meta_item post_date\n\t\t\t\t\t\t\t\t\t\t\t\t\t\t\"\n\t\t\t\t\t\t\t\t\t\t\t\t\t>\n\t\t\t\t\t\t\t\t\t\t\t\t\t\t\t<a href=\"https:\/\/www.davidlehmann.org\/lehmann\/2022\/03\/28\/cardoso-from-dependency-to-democracy\/\">\n\t\t\t\t\t\t\t\t28 March 2022\t\t\t\t\t\t\t\t<\/a>\n\t\t\t\t\t\t\t\t\t\t\t\t\t\t<\/span>\n\t\t\t\t\t\t\t\t<\/div><!-- .post_meta -->\n\t\t            <\/div><!-- .entry-header -->\n                <\/article><\/div><div class=\"column-in\"><article id=\"post-4821\"\n        class=\"post_item post_format_standard post_layout_divide post_layout_divide_2 post-4821 post type-post status-publish format-standard has-post-thumbnail hentry category-publications category-published-papers\" data-animation=\"animated fadeInUp normal\"    >\n        <div class=\"post_featured with_thumb hover_simple\"><img loading=\"lazy\" decoding=\"async\" width=\"676\" height=\"424\" src=\"https:\/\/www.davidlehmann.org\/lehmann\/wp-content\/uploads\/2022\/03\/pexels-rafael-cerqueira-4737518-scaled-e1648486370606-676x424.jpeg\" class=\"attachment-gutentype-thumb-extra size-gutentype-thumb-extra wp-post-image\" alt=\"\" \/>\t\t\t\t\t\t<div class=\"mask\"><\/div>\n\t\t\t\t\t\t\t\t\t<a href=\"https:\/\/www.davidlehmann.org\/lehmann\/2022\/03\/28\/charisma-and-possession-in-africa-and-brazil\/\"  aria-hidden=\"true\" class=\"icons\"><\/a>\n\t\t\t<\/div>            <div class=\"post_header entry-header\">\n                <h4 class=\"post_title entry-title\"><a href=\"https:\/\/www.davidlehmann.org\/lehmann\/2022\/03\/28\/charisma-and-possession-in-africa-and-brazil\/\" rel=\"bookmark\">Charisma and Possession in Africa and Brazil<\/a><\/h4>\t\t<div class=\"post_meta\">\n\t\t\t\t\t\t\t\t\t<span class=\"post_meta_item post_date\n\t\t\t\t\t\t\t\t\t\t\t\t\t\t\"\n\t\t\t\t\t\t\t\t\t\t\t\t\t>\n\t\t\t\t\t\t\t\t\t\t\t\t\t\t\t<a href=\"https:\/\/www.davidlehmann.org\/lehmann\/2022\/03\/28\/charisma-and-possession-in-africa-and-brazil\/\">\n\t\t\t\t\t\t\t\t28 March 2022\t\t\t\t\t\t\t\t<\/a>\n\t\t\t\t\t\t\t\t\t\t\t\t\t\t<\/span>\n\t\t\t\t\t\t\t\t<\/div><!-- .post_meta -->\n\t\t            <\/div><!-- .entry-header -->\n                <\/article><\/div><div class=\"column-in\"><article id=\"post-4822\"\n        class=\"post_item post_format_standard post_layout_divide post_layout_divide_2 post-4822 post type-post status-publish format-standard has-post-thumbnail hentry category-publications category-published-papers\" data-animation=\"animated fadeInUp normal\"    >\n        <div class=\"post_featured with_thumb hover_simple\"><img loading=\"lazy\" decoding=\"async\" width=\"676\" height=\"424\" src=\"https:\/\/www.davidlehmann.org\/lehmann\/wp-content\/uploads\/2022\/03\/pexels-marina-leonova-9432765-scaled-e1648490879864-676x424.jpeg\" class=\"attachment-gutentype-thumb-extra size-gutentype-thumb-extra wp-post-image\" alt=\"\" \/>\t\t\t\t\t\t<div class=\"mask\"><\/div>\n\t\t\t\t\t\t\t\t\t<a href=\"https:\/\/www.davidlehmann.org\/lehmann\/2022\/03\/28\/the-cognitive-approach-to-understanding-religion\/\"  aria-hidden=\"true\" class=\"icons\"><\/a>\n\t\t\t<\/div>            <div class=\"post_header entry-header\">\n                <h4 class=\"post_title entry-title\"><a href=\"https:\/\/www.davidlehmann.org\/lehmann\/2022\/03\/28\/the-cognitive-approach-to-understanding-religion\/\" rel=\"bookmark\">The Cognitive Approach to Understanding Religion<\/a><\/h4>\t\t<div class=\"post_meta\">\n\t\t\t\t\t\t\t\t\t<span class=\"post_meta_item post_date\n\t\t\t\t\t\t\t\t\t\t\t\t\t\t\"\n\t\t\t\t\t\t\t\t\t\t\t\t\t>\n\t\t\t\t\t\t\t\t\t\t\t\t\t\t\t<a href=\"https:\/\/www.davidlehmann.org\/lehmann\/2022\/03\/28\/the-cognitive-approach-to-understanding-religion\/\">\n\t\t\t\t\t\t\t\t28 March 2022\t\t\t\t\t\t\t\t<\/a>\n\t\t\t\t\t\t\t\t\t\t\t\t\t\t<\/span>\n\t\t\t\t\t\t\t\t<\/div><!-- .post_meta -->\n\t\t            <\/div><!-- .entry-header -->\n                <\/article><\/div><div class=\"column-in\"><article id=\"post-4823\"\n        class=\"post_item post_format_standard post_layout_divide post_layout_divide_2 post-4823 post type-post status-publish format-standard has-post-thumbnail hentry category-publications category-published-papers\" data-animation=\"animated fadeInUp normal\"    >\n        <div class=\"post_featured with_thumb hover_simple\"><img loading=\"lazy\" decoding=\"async\" width=\"676\" height=\"424\" src=\"https:\/\/www.davidlehmann.org\/lehmann\/wp-content\/uploads\/2022\/03\/pexels-yogendra-singh-1438461-676x424.jpeg\" class=\"attachment-gutentype-thumb-extra size-gutentype-thumb-extra wp-post-image\" alt=\"\" \/>\t\t\t\t\t\t<div class=\"mask\"><\/div>\n\t\t\t\t\t\t\t\t\t<a href=\"https:\/\/www.davidlehmann.org\/lehmann\/2022\/03\/28\/esperanca-e-religiao\/\"  aria-hidden=\"true\" class=\"icons\"><\/a>\n\t\t\t<\/div>            <div class=\"post_header entry-header\">\n                <h4 class=\"post_title entry-title\"><a href=\"https:\/\/www.davidlehmann.org\/lehmann\/2022\/03\/28\/esperanca-e-religiao\/\" rel=\"bookmark\">Esperan\u00e7a e religi\u00e3o<\/a><\/h4>\t\t<div class=\"post_meta\">\n\t\t\t\t\t\t\t\t\t<span class=\"post_meta_item post_date\n\t\t\t\t\t\t\t\t\t\t\t\t\t\t\"\n\t\t\t\t\t\t\t\t\t\t\t\t\t>\n\t\t\t\t\t\t\t\t\t\t\t\t\t\t\t<a href=\"https:\/\/www.davidlehmann.org\/lehmann\/2022\/03\/28\/esperanca-e-religiao\/\">\n\t\t\t\t\t\t\t\t28 March 2022\t\t\t\t\t\t\t\t<\/a>\n\t\t\t\t\t\t\t\t\t\t\t\t\t\t<\/span>\n\t\t\t\t\t\t\t\t<\/div><!-- .post_meta -->\n\t\t            <\/div><!-- .entry-header -->\n                <\/article><\/div><\/div><\/div>\n\n\n\n<div class=\"wp-block-buttons alignwide is-content-justification-center is-layout-flex wp-container-core-buttons-is-layout-16018d1d wp-block-buttons-is-layout-flex\">\n<div class=\"wp-block-button is-style-outline is-style-outline--1\"><a class=\"wp-block-button__link\" href=\"https:\/\/www.davidlehmann.org\/lehmann\/all-publications\/\">See all publications<\/a><\/div>\n<\/div>\n\n\n\n<div style=\"height:40px\" aria-hidden=\"true\" class=\"wp-block-spacer\"><\/div>\n\n\n\n<h3 class=\"has-text-align-center wp-block-heading\" style=\"font-style:normal;font-weight:200\">Publications Spotlight<\/h3>\n\n\n\n<hr class=\"wp-block-separator is-style-wide\"\/>\n\n\n\n<h4 class=\"wp-block-heading\" style=\"font-style:normal;font-weight:200\">After the Decolonial<\/h4>\n\n\n\n<div class=\"wp-block-columns is-layout-flex wp-container-core-columns-is-layout-9d6595d7 wp-block-columns-is-layout-flex\">\n<div class=\"wp-block-column is-layout-flow wp-block-column-is-layout-flow\">\n<figure class=\"wp-block-image size-full is-resized\"><img loading=\"lazy\" decoding=\"async\" src=\"https:\/\/www.davidlehmann.org\/lehmann\/wp-content\/uploads\/2022\/04\/150953752X.jpg\" alt=\"\" class=\"wp-image-5005\" width=\"192\" height=\"302\"\/><\/figure>\n<\/div>\n\n\n\n<div class=\"wp-block-column is-layout-flow wp-block-column-is-layout-flow\">\n<p><em>After the Decolonial<\/em>&nbsp;examines the sources of Latin&nbsp;American decolonial thought, its reading of precursors like Fanon and Levinas&nbsp;and its&nbsp;historical interpretations. In extended treatments of the anthropology&nbsp;of ethnicity, law and religion and of the&nbsp;region\u2019s modern&nbsp;culture, Lehmann sets out the bases of a more grounded interpretation, drawing&nbsp;inspiration from Mexico, Brazil, Bolivia and&nbsp;Chile, and&nbsp;from a lifelong engagement with&nbsp;issues of development, religion and race.<\/p>\n<\/div>\n<\/div>\n\n\n\n<hr class=\"wp-block-separator is-style-wide\"\/>\n\n\n\n<h4 class=\"wp-block-heading\" style=\"font-style:normal;font-weight:200\">Academic Celebrity<\/h4>\n\n\n\n<div class=\"wp-block-columns is-layout-flex wp-container-core-columns-is-layout-9d6595d7 wp-block-columns-is-layout-flex\">\n<div class=\"wp-block-column is-layout-flow wp-block-column-is-layout-flow\">\n<figure class=\"wp-block-image size-full is-resized\"><img loading=\"lazy\" decoding=\"async\" src=\"https:\/\/www.davidlehmann.org\/lehmann\/wp-content\/uploads\/2022\/03\/AcademicCelebrity-Lehmann2020.jpg\" alt=\"\" class=\"wp-image-4395\" width=\"192\" height=\"281\" srcset=\"https:\/\/www.davidlehmann.org\/lehmann\/wp-content\/uploads\/2022\/03\/AcademicCelebrity-Lehmann2020.jpg 212w, https:\/\/www.davidlehmann.org\/lehmann\/wp-content\/uploads\/2022\/03\/AcademicCelebrity-Lehmann2020-205x300.jpg 205w\" sizes=\"auto, (max-width: 192px) 100vw, 192px\" \/><\/figure>\n<\/div>\n\n\n\n<div class=\"wp-block-column is-layout-flow wp-block-column-is-layout-flow\">\n<p>This article examines the institution of celebrity within academia.&nbsp;<a href=\"http:\/\/www.davidlehmann.org\/adlehmann\/wp-content\/uploads\/2020\/07\/Academic-Celebrity.pdf\">Academic Celebrity<\/a>&nbsp;has parallels with the celebrity seen in the wider world, though it is born of conditions unique to the fields of higher education and research and exhibits its own special characteristics.<\/p>\n<\/div>\n<\/div>\n\n\n\n<hr class=\"wp-block-separator is-style-wide\"\/>\n\n\n\n<h4 class=\"wp-block-heading\" style=\"font-style:normal;font-weight:200\">O Remapeamento Das Tradi\u00e7\u00f5es Religiosas No Mundo Contepor\u00e2neo<br><\/h4>\n\n\n\n<div class=\"wp-block-columns is-layout-flex wp-container-core-columns-is-layout-9d6595d7 wp-block-columns-is-layout-flex\">\n<div class=\"wp-block-column is-layout-flow wp-block-column-is-layout-flow\">\n<figure class=\"wp-block-image size-full is-resized\"><img loading=\"lazy\" decoding=\"async\" src=\"https:\/\/www.davidlehmann.org\/lehmann\/wp-content\/uploads\/2022\/03\/41562924_1380382395425394_3507374051733536768_n-724x1024-1.png\" alt=\"\" class=\"wp-image-4394\" width=\"181\" height=\"256\" srcset=\"https:\/\/www.davidlehmann.org\/lehmann\/wp-content\/uploads\/2022\/03\/41562924_1380382395425394_3507374051733536768_n-724x1024-1.png 724w, https:\/\/www.davidlehmann.org\/lehmann\/wp-content\/uploads\/2022\/03\/41562924_1380382395425394_3507374051733536768_n-724x1024-1-212x300.png 212w, https:\/\/www.davidlehmann.org\/lehmann\/wp-content\/uploads\/2022\/03\/41562924_1380382395425394_3507374051733536768_n-724x1024-1-370x523.png 370w\" sizes=\"auto, (max-width: 181px) 100vw, 181px\" \/><\/figure>\n<\/div>\n\n\n\n<div class=\"wp-block-column is-layout-flow wp-block-column-is-layout-flow\">\n<p>Nesta sexta feira dia 21 de setembro vou dar minha primeira confer\u00eancia como Professor Visitante no Programa de P\u00f3s-gradua\u00e7\u00e3o em Ci\u00eancias Sociais da Universidade Federal da Bahia. Aqui v\u00e3o umas leituras para acompanhar a aula.<\/p>\n\n\n\n<p><a href=\"http:\/\/www.davidlehmann.org\/adlehmann\/wp-content\/uploads\/2018\/09\/Religi%C3%A3o-e-Globaliza%C3%A7%C3%A3o-2009.pdf\">Religi\u00e3o e globaliza\u00e7\u00e3o.pdf<\/a><\/p>\n\n\n\n<p><a href=\"http:\/\/www.davidlehmann.org\/adlehmann\/wp-content\/uploads\/2018\/09\/Esperan%C3%A7a-e-Religi%C3%A3o.pdf\">Esperan\u00e7a e Religi\u00e3o.pdf<\/a><\/p>\n\n\n\n<p>Antonio Pierucci<\/p>\n\n\n\n<p><a href=\"http:\/\/www.davidlehmann.org\/adlehmann\/wp-content\/uploads\/2018\/09\/37Pierucci.pdf\">Seculariza\u00e7\u00e3o em Max Weber.pdf<\/a><\/p>\n\n\n\n<p>Pew Research Center, 13\/nov\/2014, \u201cReligi\u00e3o na Am\u00e9rica Latina: Mudan\u00e7a Generalizada em uma Regi\u00e3o Historicamente Cat\u00f3lica\u201d<\/p>\n<\/div>\n<\/div>\n\n\n\n<hr class=\"wp-block-separator is-style-wide\"\/>\n\n\n\n<h4 class=\"wp-block-heading\" style=\"font-style:normal;font-weight:300\">The Prism of Race<\/h4>\n\n\n\n<div class=\"wp-block-columns is-layout-flex wp-container-core-columns-is-layout-9d6595d7 wp-block-columns-is-layout-flex\">\n<div class=\"wp-block-column is-layout-flow wp-block-column-is-layout-flow\">\n<figure class=\"wp-block-image size-full is-resized\"><img loading=\"lazy\" decoding=\"async\" src=\"https:\/\/www.davidlehmann.org\/lehmann\/wp-content\/uploads\/2022\/03\/9780472130849.jpg\" alt=\"\" class=\"wp-image-4393\" width=\"180\" height=\"271\"\/><\/figure>\n<\/div>\n\n\n\n<div class=\"wp-block-column is-layout-flow wp-block-column-is-layout-flow\">\n<p>I have now laid hands on a physical copy of&nbsp;<a href=\"https:\/\/www.press.umich.edu\/9736376\/prism_of_race\">The Prism of Race: the Politics and Ideology of Affirmative Action in Brazil<\/a>. I have to thank a very large number of people who helped me bring this to fruition over a ten-year period. Academic life has its drawbacks and many (not all) academics seem to be born with a special gene for moaning, but real pleasures come from the collaboration, the networking, the gossip and sometimes also the polemics. As for this book, it is not written in a polemical vein, though if it gives rise to polemics I will not complain.<\/p>\n<\/div>\n<\/div>\n\n\n\n<hr class=\"wp-block-separator is-style-wide\"\/>\n\n\n\n<h3 class=\"has-text-align-center wp-block-heading\" style=\"font-style:normal;font-weight:200\">Other Publications<\/h3>\n\n\n<div  id=\"sc_blogger_1901038508\"\t\tclass=\"sc_blogger sc_blogger_divide\"><div class=\"sc_blogger_content sc_item_content sc_item_posts_container posts_container divide_wrap divide_2\"><div class=\"column-in\"><article id=\"post-4417\"\n        class=\"post_item post_format_standard post_layout_divide post_layout_divide_2 post-4417 post type-post status-publish format-standard has-post-thumbnail hentry category-publications category-published-papers\" data-animation=\"animated fadeInUp normal\"    >\n        <div class=\"post_featured with_thumb hover_simple\"><img loading=\"lazy\" decoding=\"async\" width=\"676\" height=\"424\" src=\"https:\/\/www.davidlehmann.org\/lehmann\/wp-content\/uploads\/2022\/03\/pexels-shelagh-murphy-2883380-676x424.jpeg\" class=\"attachment-gutentype-thumb-extra size-gutentype-thumb-extra wp-post-image\" alt=\"\" \/>\t\t\t\t\t\t<div class=\"mask\"><\/div>\n\t\t\t\t\t\t\t\t\t<a href=\"https:\/\/www.davidlehmann.org\/lehmann\/2022\/03\/17\/a-politica-do-reconhecimento-teoria-e-pratica-3\/\"  aria-hidden=\"true\" class=\"icons\"><\/a>\n\t\t\t<\/div>            <div class=\"post_header entry-header\">\n                <h4 class=\"post_title entry-title\"><a href=\"https:\/\/www.davidlehmann.org\/lehmann\/2022\/03\/17\/a-politica-do-reconhecimento-teoria-e-pratica-3\/\" rel=\"bookmark\">A Poli\u0301tica do Reconhecimento \u2013 Teor\u00eda e Pr\u00e1tica<\/a><\/h4>\t\t<div class=\"post_meta\">\n\t\t\t\t\t\t\t\t\t<span class=\"post_meta_item post_date\n\t\t\t\t\t\t\t\t\t\t\t\t\t\t\"\n\t\t\t\t\t\t\t\t\t\t\t\t\t>\n\t\t\t\t\t\t\t\t\t\t\t\t\t\t\t<a href=\"https:\/\/www.davidlehmann.org\/lehmann\/2022\/03\/17\/a-politica-do-reconhecimento-teoria-e-pratica-3\/\">\n\t\t\t\t\t\t\t\t17 March 2022\t\t\t\t\t\t\t\t<\/a>\n\t\t\t\t\t\t\t\t\t\t\t\t\t\t<\/span>\n\t\t\t\t\t\t\t\t<\/div><!-- .post_meta -->\n\t\t            <\/div><!-- .entry-header -->\n                <\/article><\/div><div class=\"column-in\"><article id=\"post-4810\"\n        class=\"post_item post_format_standard post_layout_divide post_layout_divide_2 post-4810 post type-post status-publish format-standard has-post-thumbnail hentry category-featured category-publications\" data-animation=\"animated fadeInUp normal\"    >\n        <div class=\"post_featured with_thumb hover_simple\"><img loading=\"lazy\" decoding=\"async\" width=\"676\" height=\"424\" src=\"https:\/\/www.davidlehmann.org\/lehmann\/wp-content\/uploads\/2022\/03\/Screen-Shot-2022-03-28-at-9.54.54-AM-676x424.png\" class=\"attachment-gutentype-thumb-extra size-gutentype-thumb-extra wp-post-image\" alt=\"\" \/>\t\t\t\t\t\t<div class=\"mask\"><\/div>\n\t\t\t\t\t\t\t\t\t<a href=\"https:\/\/www.davidlehmann.org\/lehmann\/2022\/03\/28\/academic-celebrity\/\"  aria-hidden=\"true\" class=\"icons\"><\/a>\n\t\t\t<\/div>            <div class=\"post_header entry-header\">\n                <h4 class=\"post_title entry-title\"><a href=\"https:\/\/www.davidlehmann.org\/lehmann\/2022\/03\/28\/academic-celebrity\/\" rel=\"bookmark\">Academic Celebrity<\/a><\/h4>\t\t<div class=\"post_meta\">\n\t\t\t\t\t\t\t\t\t<span class=\"post_meta_item post_date\n\t\t\t\t\t\t\t\t\t\t\t\t\t\t\"\n\t\t\t\t\t\t\t\t\t\t\t\t\t>\n\t\t\t\t\t\t\t\t\t\t\t\t\t\t\t<a href=\"https:\/\/www.davidlehmann.org\/lehmann\/2022\/03\/28\/academic-celebrity\/\">\n\t\t\t\t\t\t\t\t28 March 2022\t\t\t\t\t\t\t\t<\/a>\n\t\t\t\t\t\t\t\t\t\t\t\t\t\t<\/span>\n\t\t\t\t\t\t\t\t<\/div><!-- .post_meta -->\n\t\t            <\/div><!-- .entry-header -->\n                <\/article><\/div><\/div><\/div>\n\n\n\n<hr class=\"wp-block-separator\"\/>\n","protected":false},"excerpt":{"rendered":"<p>Publications Spotlight After the Decolonial After the Decolonial&nbsp;examines the sources of Latin&nbsp;American decolonial thought, its reading of precursors like Fanon and Levinas&nbsp;and its&nbsp;historical interpretations. In extended treatments of the anthropology&nbsp;of ethnicity, law and religion and of the&nbsp;region\u2019s modern&nbsp;culture, Lehmann sets out the bases of a more grounded interpretation, drawing&nbsp;inspiration from Mexico, Brazil, Bolivia and&nbsp;Chile, and&nbsp;from a lifelong engagement with&nbsp;issues of development, religion&hellip;<\/p>\n","protected":false},"author":1,"featured_media":0,"parent":0,"menu_order":0,"comment_status":"closed","ping_status":"closed","template":"","meta":{"footnotes":""},"class_list":["post-4389","page","type-page","status-publish","hentry"],"_links":{"self":[{"href":"https:\/\/www.davidlehmann.org\/lehmann\/wp-json\/wp\/v2\/pages\/4389","targetHints":{"allow":["GET"]}}],"collection":[{"href":"https:\/\/www.davidlehmann.org\/lehmann\/wp-json\/wp\/v2\/pages"}],"about":[{"href":"https:\/\/www.davidlehmann.org\/lehmann\/wp-json\/wp\/v2\/types\/page"}],"author":[{"embeddable":true,"href":"https:\/\/www.davidlehmann.org\/lehmann\/wp-json\/wp\/v2\/users\/1"}],"replies":[{"embeddable":true,"href":"https:\/\/www.davidlehmann.org\/lehmann\/wp-json\/wp\/v2\/comments?post=4389"}],"version-history":[{"count":25,"href":"https:\/\/www.davidlehmann.org\/lehmann\/wp-json\/wp\/v2\/pages\/4389\/revisions"}],"predecessor-version":[{"id":5134,"href":"https:\/\/www.davidlehmann.org\/lehmann\/wp-json\/wp\/v2\/pages\/4389\/revisions\/5134"}],"wp:attachment":[{"href":"https:\/\/www.davidlehmann.org\/lehmann\/wp-json\/wp\/v2\/media?parent=4389"}],"curies":[{"name":"wp","href":"https:\/\/api.w.org\/{rel}","templated":true}]}}